{"id":21,"date":"2023-01-12T21:28:48","date_gmt":"2023-01-12T20:28:48","guid":{"rendered":"https:\/\/masdufiguier.com\/?page_id=21"},"modified":"2023-08-07T15:54:45","modified_gmt":"2023-08-07T14:54:45","slug":"accueil","status":"publish","type":"page","link":"https:\/\/masdufiguier.com\/","title":{"rendered":"Accueil"},"content":{"rendered":"\n\n\n\n\n\n\n<h2>\u00c0 propos<\/h2>\n\n<p class=\"MsoNormal\">Le Mas du Figuier est \u00e0 2 km de M\u00e9nerbes, en campagne et au\ncalme, cette ancienne ferme de 140m\u00b2 poss\u00e8de une cour int\u00e9rieure intime avec\nune piscine de 10&#215;3 m, (vous \u00e9tant enti\u00e8rement destin\u00e9e) face au Luberon et aux\nvignes.&nbsp;<o:p><\/o:p><\/p>\n\n\n\n\n<h6>Description<\/h6>\n<p class=\"MsoNormal\"><font style=\"vertical-align: inherit;\"><font style=\"vertical-align: inherit;\">Le Mas du Figuier est<\/font><\/font><font style=\"vertical-align: inherit;\"><font style=\"vertical-align: inherit;\"> enti\u00e8rement restaur\u00e9, il allie le charme de l&rsquo;ancien et le confort moderne.&nbsp;<\/font><\/font>Le jardin de 7400m\u00b2 est compos\u00e9 de prairie et vignoble.<\/p>\n<p class=\"MsoNormal\"><font style=\"vertical-align: inherit;\"><font style=\"vertical-align: inherit;\"><\/font><\/font><o:p><\/o:p><\/p><p class=\"MsoNormal\"><font style=\"vertical-align: inherit;\"><font style=\"vertical-align: inherit;\">En rdc : Face \u00e0 la piscine, 3 pi\u00e8ces \u00e0 vivre tr\u00e8s lumineuses en enfilade : salon chemin\u00e9e, salon Tv, cuisine, salle \u00e0 manger, et une buanderie avec wc.&nbsp;<\/font><\/font><o:p><\/o:p><\/p><p class=\"MsoNormal\"><font style=\"vertical-align: inherit;\"><font style=\"vertical-align: inherit;\">A l&rsquo;\u00e9tage : 2 chambres avec lits en 160x200cm, 2 salles de bain, 2 wc.&nbsp;<\/font><\/font><\/p>\n<h6>\u00c9quipements<\/h6>\n<p class=\"MsoNormal\">&#8211; T\u00e9l\u00e9vision par TNT et connect\u00e9e &#8211; Wifi &#8211; Ventilateurs &#8211; salon de jardin, transats, barbecue, auvent ombrag\u00e9.<br><\/p>\n<p style=\"margin: 0in; vertical-align: baseline; font-stretch: inherit;\"><span style=\"vertical-align: inherit;\"><\/span>Les draps, les taies, les serviettes de bain et de piscine sont fournis.<\/p>\n<p style=\"margin: 0in; vertical-align: baseline; font-stretch: inherit;\">La maison est non-fumeur, n&rsquo;accepte pas les enfants de moins de 10 ans et nos amis les animaux.<\/p><p style=\"margin: 0in; vertical-align: baseline; font-stretch: inherit;\">&nbsp;<\/p>\n\n\n\n\n\n<h6>Situation<\/h6>\n<p class=\"MsoNormal\"><font style=\"vertical-align: inherit;\"><font style=\"vertical-align: inherit;\">Le Mas du Figuier est <\/font><\/font><font style=\"vertical-align: inherit;\"><font style=\"vertical-align: inherit;\">\u00e0 3 km d&rsquo; Opp\u00e8de le Vieux, le long d&rsquo;un chemin sans issue qui m\u00e8ne au pied du Luberon, le mas est mitoyen sans aucune g\u00e8ne : les 2 logements se tournent le dos avec les entr\u00e9es oppos\u00e9es . <\/font><font style=\"vertical-align: inherit;\">Le lieu est calme, en campagne et face aux vignes.&nbsp;<\/font><\/font><\/p>\n<h6>Activit\u00e9s&nbsp;<\/h6>\n<p class=\"MsoNormal\"><font style=\"vertical-align: inherit;\"><font style=\"vertical-align: inherit;\"><font style=\"vertical-align: inherit;\">&nbsp;Du mas du figuier, vous pouvez partir \u00e0 pied ou \u00e0 v\u00e9lo pour r\u00e9aliser vos randonn\u00e9es. <\/font><\/font>&nbsp;<\/font><font style=\"vertical-align: inherit;\"><font style=\"vertical-align: inherit;\"><font style=\"vertical-align: inherit;\">Vous \u00eates id\u00e9alement plac\u00e9s pour visiter tous les villages pittoresques du Luberon : Gordes, M\u00e9nerbes, Roussillon, Goult, Lacoste, Bonnieux, Lourmarin et un peu plus loin \u00e0 45 mn, les villes comme Avignon, Arles, Saint-R\u00e9my de Provence, les Baux de Provence, Aix en Provence, Orange\u2026<\/font><\/font><\/font><\/p><p class=\"MsoNormal\"><o:p><\/o:p><\/p><p class=\"MsoNormal\"><br><\/p>\n\n\n\n\n<h2>Tarification<\/h2>\n\n<h2><p style=\"margin: 0in; vertical-align: baseline;\"><span style=\"color:#ffffff;\"><\/span><font face=\"Arial, sans-serif\"><o:p><\/o:p><\/font><\/p><p class=\"MsoNormal\" style=\"color: rgb(255, 255, 255);\">Dur\u00e9e minimale du s\u00e9jour : 14 jours (2 semaines) du samedi\nau samedi&nbsp;<\/p><\/h2>\n<h2><p class=\"MsoNormal\" style=\"color: rgb(255, 255, 255);\"><o:p><\/o:p><\/p><p class=\"MsoNormal\" style=\"color: rgb(255, 255, 255);\">Tarif moyenne saison : 1300\u20ac\/ semaine&nbsp;<\/p><\/h2>\n<h2><p class=\"MsoNormal\" style=\"color: rgb(255, 255, 255);\"><o:p><\/o:p><\/p><p style=\"color: rgb(255, 255, 255); margin: 0in; vertical-align: baseline;\">\n\n\n\n\n\n<\/p><p class=\"MsoNormal\" style=\"color: rgb(255, 255, 255);\">Tarif haute saison (juillet ao\u00fbt) : 1700\u20ac\/ semaine <\/p><\/h2>\n<h2><p class=\"MsoNormal\" style=\"color: rgb(255, 255, 255);\">M\u00e9nage&nbsp;: 100 \u20ac\/ passage.<\/p><\/h2>\n\n\n\n\n<h2><font style=\"vertical-align: inherit;\"><font style=\"vertical-align: inherit;\">R\u00e9servation<\/font><\/font><\/h2>\n\n<p><font face=\"Arial, sans-serif\"><span style=\"font-size: 19.3333px;\"><em>T\u00e9l\u00e9phone :<\/em><em> +33(0)7 50 01 57 00<\/em><\/span><\/font><\/p>\n<p><font face=\"Arial, sans-serif\"><span style=\"font-size: 19.3333px;\"><em>Courriel : xt@orange.fr<\/em><\/span><\/font><\/p>\n\n\n\n\n\n\n\n<a href=\"https:\/\/www.france-voyage.com\/locations-vacances\/location-menerbes-133008.htm\" target=\"_blank\" rel=\"noopener\"><img decoding=\"async\" src=\"https:\/\/www.france-voyage.com\/visuals\/pro\/label.gif\" style=\"border:0\" alt=\"Location de vacances dans le Vaucluse\"><\/a>\n\n\n","protected":false},"excerpt":{"rendered":"","protected":false},"author":1,"featured_media":0,"parent":0,"menu_order":0,"comment_status":"closed","ping_status":"closed","template":"","meta":{"pagelayer_contact_templates":[],"_pagelayer_content":"","footnotes":""},"class_list":["post-21","page","type-page","status-publish","hentry"],"yoast_head":"<!-- This site is optimized with the Yoast SEO plugin v27.5 - https:\/\/yoast.com\/product\/yoast-seo-wordpress\/ -->\n<title>Accueil - Mas du Figuier<\/title>\n<meta name=\"robots\" content=\"index, follow, max-snippet:-1, max-image-preview:large, max-video-preview:-1\" \/>\n<link rel=\"canonical\" href=\"https:\/\/masdufiguier.com\/\" \/>\n<meta property=\"og:locale\" content=\"fr_FR\" \/>\n<meta property=\"og:type\" content=\"article\" \/>\n<meta property=\"og:title\" content=\"Accueil - Mas du Figuier\" \/>\n<meta property=\"og:url\" content=\"https:\/\/masdufiguier.com\/\" \/>\n<meta property=\"og:site_name\" content=\"Mas du Figuier\" \/>\n<meta property=\"article:modified_time\" content=\"2023-08-07T14:54:45+00:00\" \/>\n<meta property=\"og:image\" content=\"https:\/\/www.france-voyage.com\/visuals\/pro\/label.gif\" \/>\n<meta name=\"twitter:card\" content=\"summary_large_image\" \/>\n<meta name=\"twitter:label1\" content=\"Dur\u00e9e de lecture estim\u00e9e\" \/>\n\t<meta name=\"twitter:data1\" content=\"2 minutes\" \/>\n<script type=\"application\/ld+json\" class=\"yoast-schema-graph\">{\"@context\":\"https:\\\/\\\/schema.org\",\"@graph\":[{\"@type\":\"WebPage\",\"@id\":\"https:\\\/\\\/masdufiguier.com\\\/\",\"url\":\"https:\\\/\\\/masdufiguier.com\\\/\",\"name\":\"Accueil - Mas du Figuier\",\"isPartOf\":{\"@id\":\"https:\\\/\\\/masdufiguier.com\\\/#website\"},\"primaryImageOfPage\":{\"@id\":\"https:\\\/\\\/masdufiguier.com\\\/#primaryimage\"},\"image\":{\"@id\":\"https:\\\/\\\/masdufiguier.com\\\/#primaryimage\"},\"thumbnailUrl\":\"https:\\\/\\\/www.france-voyage.com\\\/visuals\\\/pro\\\/label.gif\",\"datePublished\":\"2023-01-12T20:28:48+00:00\",\"dateModified\":\"2023-08-07T14:54:45+00:00\",\"breadcrumb\":{\"@id\":\"https:\\\/\\\/masdufiguier.com\\\/#breadcrumb\"},\"inLanguage\":\"fr-FR\",\"potentialAction\":[{\"@type\":\"ReadAction\",\"target\":[\"https:\\\/\\\/masdufiguier.com\\\/\"]}]},{\"@type\":\"ImageObject\",\"inLanguage\":\"fr-FR\",\"@id\":\"https:\\\/\\\/masdufiguier.com\\\/#primaryimage\",\"url\":\"https:\\\/\\\/www.france-voyage.com\\\/visuals\\\/pro\\\/label.gif\",\"contentUrl\":\"https:\\\/\\\/www.france-voyage.com\\\/visuals\\\/pro\\\/label.gif\"},{\"@type\":\"BreadcrumbList\",\"@id\":\"https:\\\/\\\/masdufiguier.com\\\/#breadcrumb\",\"itemListElement\":[{\"@type\":\"ListItem\",\"position\":1,\"name\":\"Accueil\",\"item\":\"https:\\\/\\\/masdufiguier.com\\\/\"},{\"@type\":\"ListItem\",\"position\":2,\"name\":\"Accueil\"}]},{\"@type\":\"WebSite\",\"@id\":\"https:\\\/\\\/masdufiguier.com\\\/#website\",\"url\":\"https:\\\/\\\/masdufiguier.com\\\/\",\"name\":\"Mas du Figuier\",\"description\":\"Mas du Figuier\",\"publisher\":{\"@id\":\"https:\\\/\\\/masdufiguier.com\\\/#organization\"},\"potentialAction\":[{\"@type\":\"SearchAction\",\"target\":{\"@type\":\"EntryPoint\",\"urlTemplate\":\"https:\\\/\\\/masdufiguier.com\\\/?s={search_term_string}\"},\"query-input\":{\"@type\":\"PropertyValueSpecification\",\"valueRequired\":true,\"valueName\":\"search_term_string\"}}],\"inLanguage\":\"fr-FR\"},{\"@type\":\"Organization\",\"@id\":\"https:\\\/\\\/masdufiguier.com\\\/#organization\",\"name\":\"Mas du Figuier\",\"url\":\"https:\\\/\\\/masdufiguier.com\\\/\",\"logo\":{\"@type\":\"ImageObject\",\"inLanguage\":\"fr-FR\",\"@id\":\"https:\\\/\\\/masdufiguier.com\\\/#\\\/schema\\\/logo\\\/image\\\/\",\"url\":\"https:\\\/\\\/masdufiguier.com\\\/wp-content\\\/uploads\\\/2023\\\/01\\\/DSC00090-scaled.jpg\",\"contentUrl\":\"https:\\\/\\\/masdufiguier.com\\\/wp-content\\\/uploads\\\/2023\\\/01\\\/DSC00090-scaled.jpg\",\"width\":2560,\"height\":1440,\"caption\":\"Mas du Figuier\"},\"image\":{\"@id\":\"https:\\\/\\\/masdufiguier.com\\\/#\\\/schema\\\/logo\\\/image\\\/\"}}]}<\/script>\n<!-- \/ Yoast SEO plugin. -->","yoast_head_json":{"title":"Accueil - Mas du Figuier","robots":{"index":"index","follow":"follow","max-snippet":"max-snippet:-1","max-image-preview":"max-image-preview:large","max-video-preview":"max-video-preview:-1"},"canonical":"https:\/\/masdufiguier.com\/","og_locale":"fr_FR","og_type":"article","og_title":"Accueil - Mas du Figuier","og_url":"https:\/\/masdufiguier.com\/","og_site_name":"Mas du Figuier","article_modified_time":"2023-08-07T14:54:45+00:00","og_image":[{"url":"https:\/\/www.france-voyage.com\/visuals\/pro\/label.gif","type":"","width":"","height":""}],"twitter_card":"summary_large_image","twitter_misc":{"Dur\u00e9e de lecture estim\u00e9e":"2 minutes"},"schema":{"@context":"https:\/\/schema.org","@graph":[{"@type":"WebPage","@id":"https:\/\/masdufiguier.com\/","url":"https:\/\/masdufiguier.com\/","name":"Accueil - Mas du Figuier","isPartOf":{"@id":"https:\/\/masdufiguier.com\/#website"},"primaryImageOfPage":{"@id":"https:\/\/masdufiguier.com\/#primaryimage"},"image":{"@id":"https:\/\/masdufiguier.com\/#primaryimage"},"thumbnailUrl":"https:\/\/www.france-voyage.com\/visuals\/pro\/label.gif","datePublished":"2023-01-12T20:28:48+00:00","dateModified":"2023-08-07T14:54:45+00:00","breadcrumb":{"@id":"https:\/\/masdufiguier.com\/#breadcrumb"},"inLanguage":"fr-FR","potentialAction":[{"@type":"ReadAction","target":["https:\/\/masdufiguier.com\/"]}]},{"@type":"ImageObject","inLanguage":"fr-FR","@id":"https:\/\/masdufiguier.com\/#primaryimage","url":"https:\/\/www.france-voyage.com\/visuals\/pro\/label.gif","contentUrl":"https:\/\/www.france-voyage.com\/visuals\/pro\/label.gif"},{"@type":"BreadcrumbList","@id":"https:\/\/masdufiguier.com\/#breadcrumb","itemListElement":[{"@type":"ListItem","position":1,"name":"Accueil","item":"https:\/\/masdufiguier.com\/"},{"@type":"ListItem","position":2,"name":"Accueil"}]},{"@type":"WebSite","@id":"https:\/\/masdufiguier.com\/#website","url":"https:\/\/masdufiguier.com\/","name":"Mas du Figuier","description":"Mas du Figuier","publisher":{"@id":"https:\/\/masdufiguier.com\/#organization"},"potentialAction":[{"@type":"SearchAction","target":{"@type":"EntryPoint","urlTemplate":"https:\/\/masdufiguier.com\/?s={search_term_string}"},"query-input":{"@type":"PropertyValueSpecification","valueRequired":true,"valueName":"search_term_string"}}],"inLanguage":"fr-FR"},{"@type":"Organization","@id":"https:\/\/masdufiguier.com\/#organization","name":"Mas du Figuier","url":"https:\/\/masdufiguier.com\/","logo":{"@type":"ImageObject","inLanguage":"fr-FR","@id":"https:\/\/masdufiguier.com\/#\/schema\/logo\/image\/","url":"https:\/\/masdufiguier.com\/wp-content\/uploads\/2023\/01\/DSC00090-scaled.jpg","contentUrl":"https:\/\/masdufiguier.com\/wp-content\/uploads\/2023\/01\/DSC00090-scaled.jpg","width":2560,"height":1440,"caption":"Mas du Figuier"},"image":{"@id":"https:\/\/masdufiguier.com\/#\/schema\/logo\/image\/"}}]}},"_links":{"self":[{"href":"https:\/\/masdufiguier.com\/index.php?rest_route=\/wp\/v2\/pages\/21","targetHints":{"allow":["GET"]}}],"collection":[{"href":"https:\/\/masdufiguier.com\/index.php?rest_route=\/wp\/v2\/pages"}],"about":[{"href":"https:\/\/masdufiguier.com\/index.php?rest_route=\/wp\/v2\/types\/page"}],"author":[{"embeddable":true,"href":"https:\/\/masdufiguier.com\/index.php?rest_route=\/wp\/v2\/users\/1"}],"replies":[{"embeddable":true,"href":"https:\/\/masdufiguier.com\/index.php?rest_route=%2Fwp%2Fv2%2Fcomments&post=21"}],"version-history":[{"count":47,"href":"https:\/\/masdufiguier.com\/index.php?rest_route=\/wp\/v2\/pages\/21\/revisions"}],"predecessor-version":[{"id":160,"href":"https:\/\/masdufiguier.com\/index.php?rest_route=\/wp\/v2\/pages\/21\/revisions\/160"}],"wp:attachment":[{"href":"https:\/\/masdufiguier.com\/index.php?rest_route=%2Fwp%2Fv2%2Fmedia&parent=21"}],"curies":[{"name":"wp","href":"https:\/\/api.w.org\/{rel}","templated":true}]}}